{"id":16159,"date":"2024-05-07T12:48:02","date_gmt":"2024-05-07T10:48:02","guid":{"rendered":"https:\/\/clinicapadros.com\/?page_id=16159"},"modified":"2024-05-16T18:10:05","modified_gmt":"2024-05-16T16:10:05","slug":"tratamientos-bajo-sedacion","status":"publish","type":"page","link":"https:\/\/clinicapadros.com\/en\/tratamientos-bajo-sedacion\/","title":{"rendered":"Tratamientos bajo sedaci\u00f3n"},"content":{"rendered":"\t\t<div data-elementor-type=\"wp-page\" data-elementor-id=\"16159\" class=\"elementor elementor-16159\" data-elementor-post-type=\"page\">\n\t\t\t\t<div class=\"elementor-element elementor-element-c3e4962 e-flex e-con-boxed e-con e-parent\" data-id=\"c3e4962\" data-element_type=\"container\">\n\t\t\t\t\t<div class=\"e-con-inner\">\n\t\t\t\t<div class=\"elementor-element elementor-element-d15eeb4 elementor-widget elementor-widget-heading\" data-id=\"d15eeb4\" data-element_type=\"widget\" data-widget_type=\"heading.default\">\n\t\t\t\t<div class=\"elementor-widget-container\">\n\t\t\t\t\t<h1 class=\"elementor-heading-title elementor-size-default\">Tratamientos bajo sedaci\u00f3n<\/h1>\t\t\t\t<\/div>\n\t\t\t\t<\/div>\n\t\t\t\t\t<\/div>\n\t\t\t\t<\/div>\n\t\t<div class=\"elementor-element elementor-element-3baa606 e-flex e-con-boxed e-con e-parent\" data-id=\"3baa606\" data-element_type=\"container\">\n\t\t\t\t\t<div class=\"e-con-inner\">\n\t\t\t\t<div class=\"elementor-element elementor-element-783ac12 elementor-widget elementor-widget-heading\" data-id=\"783ac12\" data-element_type=\"widget\" data-widget_type=\"heading.default\">\n\t\t\t\t<div class=\"elementor-widget-container\">\n\t\t\t\t\t<h2 class=\"elementor-heading-title elementor-size-default\">Se acab\u00f3 el miedo al dentista<\/h2>\t\t\t\t<\/div>\n\t\t\t\t<\/div>\n\t\t\t\t\t<\/div>\n\t\t\t\t<\/div>\n\t\t<div class=\"elementor-element elementor-element-c541271 e-flex e-con-boxed e-con e-parent\" data-id=\"c541271\" data-element_type=\"container\">\n\t\t\t\t\t<div class=\"e-con-inner\">\n\t\t\t\t<div class=\"elementor-element elementor-element-301e78f elementor-widget elementor-widget-image\" data-id=\"301e78f\" data-element_type=\"widget\" data-widget_type=\"image.default\">\n\t\t\t\t<div class=\"elementor-widget-container\">\n\t\t\t\t\t\t\t\t\t\t\t\t\t\t\t<img fetchpriority=\"high\" decoding=\"async\" width=\"1024\" height=\"683\" src=\"https:\/\/clinicapadros.com\/wp-content\/uploads\/2021\/06\/tratamiento-bajo-sedacion-miedo-fobia-clinica-dental-padros-dentista-barcelona.jpg\" class=\"attachment-large size-large wp-image-10693\" alt=\"\" srcset=\"https:\/\/clinicapadros.com\/wp-content\/uploads\/2021\/06\/tratamiento-bajo-sedacion-miedo-fobia-clinica-dental-padros-dentista-barcelona.jpg 1024w, https:\/\/clinicapadros.com\/wp-content\/uploads\/2021\/06\/tratamiento-bajo-sedacion-miedo-fobia-clinica-dental-padros-dentista-barcelona-300x200.jpg 300w, https:\/\/clinicapadros.com\/wp-content\/uploads\/2021\/06\/tratamiento-bajo-sedacion-miedo-fobia-clinica-dental-padros-dentista-barcelona-768x512.jpg 768w, https:\/\/clinicapadros.com\/wp-content\/uploads\/2021\/06\/tratamiento-bajo-sedacion-miedo-fobia-clinica-dental-padros-dentista-barcelona-125x83.jpg 125w, https:\/\/clinicapadros.com\/wp-content\/uploads\/2021\/06\/tratamiento-bajo-sedacion-miedo-fobia-clinica-dental-padros-dentista-barcelona-75x50.jpg 75w, https:\/\/clinicapadros.com\/wp-content\/uploads\/2021\/06\/tratamiento-bajo-sedacion-miedo-fobia-clinica-dental-padros-dentista-barcelona-272x182.jpg 272w\" sizes=\"(max-width: 1024px) 100vw, 1024px\" \/>\t\t\t\t\t\t\t\t\t\t\t\t\t\t\t<\/div>\n\t\t\t\t<\/div>\n\t\t\t\t\t<\/div>\n\t\t\t\t<\/div>\n\t\t<div class=\"elementor-element elementor-element-0ebac14 e-flex e-con-boxed e-con e-parent\" data-id=\"0ebac14\" data-element_type=\"container\">\n\t\t\t\t\t<div class=\"e-con-inner\">\n\t\t\t\t<div class=\"elementor-element elementor-element-0f7d90b elementor-widget elementor-widget-heading\" data-id=\"0f7d90b\" data-element_type=\"widget\" data-widget_type=\"heading.default\">\n\t\t\t\t<div class=\"elementor-widget-container\">\n\t\t\t\t\t<h3 class=\"elementor-heading-title elementor-size-default\">\u00bfQu\u00e9 es el miedo al dentista?<\/h3>\t\t\t\t<\/div>\n\t\t\t\t<\/div>\n\t\t\t\t\t<\/div>\n\t\t\t\t<\/div>\n\t\t<div class=\"elementor-element elementor-element-faaaf74 e-flex e-con-boxed e-con e-parent\" data-id=\"faaaf74\" data-element_type=\"container\">\n\t\t\t\t\t<div class=\"e-con-inner\">\n\t\t\t\t<div class=\"elementor-element elementor-element-a6ff9a4 elementor-widget elementor-widget-text-editor\" data-id=\"a6ff9a4\" data-element_type=\"widget\" data-widget_type=\"text-editor.default\">\n\t\t\t\t<div class=\"elementor-widget-container\">\n\t\t\t\t\t\t\t\t\t<p>El miedo es una sensaci\u00f3n de angustia provocada por la presencia de un peligro real o imaginario. Es un sentimiento de desconfianza que impulsa a creer que ocurrir\u00e1 un hecho contrario a lo que se desea. Cuando esta respuesta es exagerada debemos hablar de fobia. Fobia es una desviaci\u00f3n de la respuesta normal ante el peligro. En este caso, el miedo est\u00e1 dirigido hacia un objeto o situaci\u00f3n que no representa un peligro real. A pesar de que quien padece la fobia reconoce que su miedo es irracional, no puede controlar su reacci\u00f3n.<\/p><p>Seg\u00fan una encuesta del servicio de salud p\u00fablica del Reino Unido, un 36% de las personas tienen un miedo moderado a ir al dentista, y un 12% sufren un miedo extremo (fobia). Es decir, que el miedo al dentista, aunque ha ido disminuyendo mucho en los \u00faltimos a\u00f1os, es bastante normal, y desde luego no es algo que deba avergonzar a nadie.<\/p><p>Es por todos sabido que, hoy en d\u00eda, un tratamiento odontol\u00f3gico no representa ning\u00fan serio peligro para la salud. M\u00e1s bien todo lo contrario, el riesgo se corre cuando no se pone remedio a los problemas que se presentan. Los problemas de la dentadura, como las caries o las enc\u00edas inflamadas, no se curan solos. Se van agravando con el tiempo, y por lo tanto son mucho m\u00e1s sencillos de solucionar cuando se detectan en estadios iniciales. No nos olvidemos, adem\u00e1s, de que una boca sana est\u00e1 directamente relacionada con una buena salud general. Retrasar nuestras visitas de revisi\u00f3n por miedo no har\u00e1 m\u00e1s que complicar nuestra salud oral.<\/p><p>Las principales causas de el miedo al dentista suelen ser el miedo al dolor, el miedo a que se repita una mala experiencia vivida o influida por el entorno, el miedo a lo desconocido y, entre los miedos m\u00e1s comunes que reportan los pacientes destaca la verg\u00fcenza que puede producir el acudir al dentista sabiendo que se ha descuidado la salud bucal.<\/p>\t\t\t\t\t\t\t\t<\/div>\n\t\t\t\t<\/div>\n\t\t\t\t\t<\/div>\n\t\t\t\t<\/div>\n\t\t<div class=\"elementor-element elementor-element-747f9e4 e-flex e-con-boxed e-con e-parent\" data-id=\"747f9e4\" data-element_type=\"container\">\n\t\t\t\t\t<div class=\"e-con-inner\">\n\t\t\t\t<div class=\"elementor-element elementor-element-95daabe elementor-widget elementor-widget-image\" data-id=\"95daabe\" data-element_type=\"widget\" data-widget_type=\"image.default\">\n\t\t\t\t<div class=\"elementor-widget-container\">\n\t\t\t\t\t\t\t\t\t\t\t\t\t\t\t<img decoding=\"async\" width=\"713\" height=\"672\" src=\"https:\/\/clinicapadros.com\/wp-content\/uploads\/2017\/06\/miedo-al-dentista-clinica-dental-padros-barcelona-mejor.jpg\" class=\"attachment-large size-large wp-image-2001\" alt=\"In Padr\u00f3s Dental Clinic, we have a vast experience in patients that suffer dental fear or phobia.\" srcset=\"https:\/\/clinicapadros.com\/wp-content\/uploads\/2017\/06\/miedo-al-dentista-clinica-dental-padros-barcelona-mejor.jpg 713w, https:\/\/clinicapadros.com\/wp-content\/uploads\/2017\/06\/miedo-al-dentista-clinica-dental-padros-barcelona-mejor-600x565.jpg 600w\" sizes=\"(max-width: 713px) 100vw, 713px\" \/>\t\t\t\t\t\t\t\t\t\t\t\t\t\t\t<\/div>\n\t\t\t\t<\/div>\n\t\t\t\t\t<\/div>\n\t\t\t\t<\/div>\n\t\t<div class=\"elementor-element elementor-element-02c975b e-flex e-con-boxed e-con e-parent\" data-id=\"02c975b\" data-element_type=\"container\">\n\t\t\t\t\t<div class=\"e-con-inner\">\n\t\t\t\t<div class=\"elementor-element elementor-element-380c717 elementor-widget elementor-widget-heading\" data-id=\"380c717\" data-element_type=\"widget\" data-widget_type=\"heading.default\">\n\t\t\t\t<div class=\"elementor-widget-container\">\n\t\t\t\t\t<h3 class=\"elementor-heading-title elementor-size-default\">Potenciar la confianza<\/h3>\t\t\t\t<\/div>\n\t\t\t\t<\/div>\n\t\t\t\t\t<\/div>\n\t\t\t\t<\/div>\n\t\t<div class=\"elementor-element elementor-element-0068598 e-flex e-con-boxed e-con e-parent\" data-id=\"0068598\" data-element_type=\"container\">\n\t\t\t\t\t<div class=\"e-con-inner\">\n\t\t\t\t<div class=\"elementor-element elementor-element-41c416f elementor-widget elementor-widget-text-editor\" data-id=\"41c416f\" data-element_type=\"widget\" data-widget_type=\"text-editor.default\">\n\t\t\t\t<div class=\"elementor-widget-container\">\n\t\t\t\t\t\t\t\t\t<p>Lo contrario del miedo es la confianza. \u00bfQu\u00e9 te puede ayudar en este sentido? Principalmente el hecho de sentirte rodeado por personas que te inspiran confianza, te ofrece toda la informaci\u00f3n que necesites para reducir la incertidumbre y que te traten con respeto, empat\u00eda, cuidado y cari\u00f1o.<\/p>\n<p>Recuerda que los profesionales que te cuidan son tus aliados. Utiliza su ayuda para afrontar y vencer tus miedos, y no te averg\u00fcences de comentarlo con ellos. Pregunta cualquier duda que puedas tener.<\/p>\n<p>Somos muy conscientes de la sensaci\u00f3n de vulnerabilidad que sienten muchos pacientes, por eso intentamos que su experiencia al tratarse en nuestra cl\u00ednica sea lo m\u00e1s agradable posible. Por eso, ofrecemos siempre un trato cuidadoso y amable, ambientamos con aromas suaves de naranja y cedro, ofrecemos m\u00fasica ambiental, utilizamos geles de anestesia t\u00f3pica y tratamientos m\u00ednimamente invasivos, como la microabrasi\u00f3n, el l\u00e1ser, o los esc\u00e1neres intraorales, etc.<\/p>\n<p>Muchas personas van perdiendo el miedo a medida que van acumulando experiencias positivas y van conociendo a las personas que les tratan y como resultado est\u00e1n m\u00e1s dispuestos a mantener una buena salud oral.<\/p>\n<p>Sin embargo, para aquellas personas que se ponen muy nerviosos y con ansiedad, disponemos de la alternativa de realizar nuestros tratamientos bajo sedaci\u00f3n consciente.<\/p>\t\t\t\t\t\t\t\t<\/div>\n\t\t\t\t<\/div>\n\t\t\t\t\t<\/div>\n\t\t\t\t<\/div>\n\t\t<div class=\"elementor-element elementor-element-9ed973c e-flex e-con-boxed e-con e-parent\" data-id=\"9ed973c\" data-element_type=\"container\">\n\t\t\t\t\t<div class=\"e-con-inner\">\n\t\t\t\t<div class=\"elementor-element elementor-element-09e1fad elementor-widget elementor-widget-heading\" data-id=\"09e1fad\" data-element_type=\"widget\" data-widget_type=\"heading.default\">\n\t\t\t\t<div class=\"elementor-widget-container\">\n\t\t\t\t\t<h3 class=\"elementor-heading-title elementor-size-default\">\u00bfQu\u00e9 es la sedaci\u00f3n consciente?<\/h3>\t\t\t\t<\/div>\n\t\t\t\t<\/div>\n\t\t\t\t<div class=\"elementor-element elementor-element-5b4d4c0 elementor-widget elementor-widget-text-editor\" data-id=\"5b4d4c0\" data-element_type=\"widget\" data-widget_type=\"text-editor.default\">\n\t\t\t\t<div class=\"elementor-widget-container\">\n\t\t\t\t\t\t\t\t\t<p>Entendemos por sedaci\u00f3n consciente aquel procedimiento anest\u00e9sico cuyo objetivo es provocar un estado de bienestar y relajaci\u00f3n en el paciente. No es una anestesia general. El paciente est\u00e1 consciente en todo momento, pero sin nervios, ni ansiedad, ni n\u00e1useas. Para el paciente, el tratamiento parece tener una duraci\u00f3n de pocos segundos y siempre le resulta muy confortable.<\/p>\t\t\t\t\t\t\t\t<\/div>\n\t\t\t\t<\/div>\n\t\t\t\t\t<\/div>\n\t\t\t\t<\/div>\n\t\t<div class=\"elementor-element elementor-element-cd477a5 e-flex e-con-boxed e-con e-parent\" data-id=\"cd477a5\" data-element_type=\"container\">\n\t\t\t\t\t<div class=\"e-con-inner\">\n\t\t\t\t<div class=\"elementor-element elementor-element-fac7f48 elementor-widget elementor-widget-accordion\" data-id=\"fac7f48\" data-element_type=\"widget\" data-widget_type=\"accordion.default\">\n\t\t\t\t<div class=\"elementor-widget-container\">\n\t\t\t\t\t\t\t<div class=\"elementor-accordion\">\n\t\t\t\t\t\t\t<div class=\"elementor-accordion-item\">\n\t\t\t\t\t<div id=\"elementor-tab-title-2621\" class=\"elementor-tab-title\" data-tab=\"1\" role=\"button\" aria-controls=\"elementor-tab-content-2621\" aria-expanded=\"false\">\n\t\t\t\t\t\t\t\t\t\t\t\t\t<span class=\"elementor-accordion-icon elementor-accordion-icon-left\" aria-hidden=\"true\">\n\t\t\t\t\t\t\t\t\t\t\t\t\t\t\t<span class=\"elementor-accordion-icon-closed\"><svg class=\"e-font-icon-svg e-fas-caret-right\" viewBox=\"0 0 192 512\" xmlns=\"http:\/\/www.w3.org\/2000\/svg\"><path d=\"M0 384.662V127.338c0-17.818 21.543-26.741 34.142-14.142l128.662 128.662c7.81 7.81 7.81 20.474 0 28.284L34.142 398.804C21.543 411.404 0 402.48 0 384.662z\"><\/path><\/svg><\/span>\n\t\t\t\t\t\t\t\t<span class=\"elementor-accordion-icon-opened\"><svg class=\"e-font-icon-svg e-fas-caret-down\" viewBox=\"0 0 320 512\" xmlns=\"http:\/\/www.w3.org\/2000\/svg\"><path d=\"M31.3 192h257.3c17.8 0 26.7 21.5 14.1 34.1L174.1 354.8c-7.8 7.8-20.5 7.8-28.3 0L17.2 226.1C4.6 213.5 13.5 192 31.3 192z\"><\/path><\/svg><\/span>\n\t\t\t\t\t\t\t\t\t\t\t\t\t\t<\/span>\n\t\t\t\t\t\t\t\t\t\t\t\t<a class=\"elementor-accordion-title\" tabindex=\"0\">\u00bfQu\u00e9 profesional est\u00e1 acreditado para realizar una sedaci\u00f3n consciente?<\/a>\n\t\t\t\t\t<\/div>\n\t\t\t\t\t<div id=\"elementor-tab-content-2621\" class=\"elementor-tab-content elementor-clearfix\" data-tab=\"1\" role=\"region\" aria-labelledby=\"elementor-tab-title-2621\"><p>La sedaci\u00f3n consciente solo puede ser realizada por un m\u00e9dico especialista en anestesiolog\u00eda y reanimaci\u00f3n.<\/p><\/div>\n\t\t\t\t<\/div>\n\t\t\t\t\t\t\t<div class=\"elementor-accordion-item\">\n\t\t\t\t\t<div id=\"elementor-tab-title-2622\" class=\"elementor-tab-title\" data-tab=\"2\" role=\"button\" aria-controls=\"elementor-tab-content-2622\" aria-expanded=\"false\">\n\t\t\t\t\t\t\t\t\t\t\t\t\t<span class=\"elementor-accordion-icon elementor-accordion-icon-left\" aria-hidden=\"true\">\n\t\t\t\t\t\t\t\t\t\t\t\t\t\t\t<span class=\"elementor-accordion-icon-closed\"><svg class=\"e-font-icon-svg e-fas-caret-right\" viewBox=\"0 0 192 512\" xmlns=\"http:\/\/www.w3.org\/2000\/svg\"><path d=\"M0 384.662V127.338c0-17.818 21.543-26.741 34.142-14.142l128.662 128.662c7.81 7.81 7.81 20.474 0 28.284L34.142 398.804C21.543 411.404 0 402.48 0 384.662z\"><\/path><\/svg><\/span>\n\t\t\t\t\t\t\t\t<span class=\"elementor-accordion-icon-opened\"><svg class=\"e-font-icon-svg e-fas-caret-down\" viewBox=\"0 0 320 512\" xmlns=\"http:\/\/www.w3.org\/2000\/svg\"><path d=\"M31.3 192h257.3c17.8 0 26.7 21.5 14.1 34.1L174.1 354.8c-7.8 7.8-20.5 7.8-28.3 0L17.2 226.1C4.6 213.5 13.5 192 31.3 192z\"><\/path><\/svg><\/span>\n\t\t\t\t\t\t\t\t\t\t\t\t\t\t<\/span>\n\t\t\t\t\t\t\t\t\t\t\t\t<a class=\"elementor-accordion-title\" tabindex=\"0\">\u00bfEn qu\u00e9 casos estar\u00eda indicada una sedaci\u00f3n consciente?<\/a>\n\t\t\t\t\t<\/div>\n\t\t\t\t\t<div id=\"elementor-tab-content-2622\" class=\"elementor-tab-content elementor-clearfix\" data-tab=\"2\" role=\"region\" aria-labelledby=\"elementor-tab-title-2622\"><p>Una indicaci\u00f3n ser\u00eda aquellos pacientes que sufren de miedo (o terror) a acudir a la consulta dental. En ocasiones, lo que les hace ir al dentista es el dolor provocado precisamente por problemas que aparecen despu\u00e9s de largos per\u00edodos de tiempo -en ocasiones a\u00f1os- sin acudir a las revisiones peri\u00f3dicas de car\u00e1cter preventivo.<\/p>\n<p>Otra indicaci\u00f3n ser\u00eda la de aquellos pacientes a los que se les va a realizar una intervenci\u00f3n dental compleja (m\u00faltiples implantes, rehabilitaciones completas, injertos, cirug\u00edas complejas, etc.). En estos casos, incluso en pacientes tranquilos, la duraci\u00f3n de los procedimientos puede hac\u00e9rseles un poco larga y cansada.<\/p>\n<p>Asimismo, pacientes con varios tratamientos relativamente sencillos o convencionales (reconstrucciones de dientes, limpiezas bucales, curetajes, endodoncias, etc.) que requerir\u00edan varias visitas a la consulta pueden realizarse en una sola sesi\u00f3n con sedaci\u00f3n, con las ventajas en tiempo, desplazamientos y comodidad que ello supone.<\/p><\/div>\n\t\t\t\t<\/div>\n\t\t\t\t\t\t\t<div class=\"elementor-accordion-item\">\n\t\t\t\t\t<div id=\"elementor-tab-title-2623\" class=\"elementor-tab-title\" data-tab=\"3\" role=\"button\" aria-controls=\"elementor-tab-content-2623\" aria-expanded=\"false\">\n\t\t\t\t\t\t\t\t\t\t\t\t\t<span class=\"elementor-accordion-icon elementor-accordion-icon-left\" aria-hidden=\"true\">\n\t\t\t\t\t\t\t\t\t\t\t\t\t\t\t<span class=\"elementor-accordion-icon-closed\"><svg class=\"e-font-icon-svg e-fas-caret-right\" viewBox=\"0 0 192 512\" xmlns=\"http:\/\/www.w3.org\/2000\/svg\"><path d=\"M0 384.662V127.338c0-17.818 21.543-26.741 34.142-14.142l128.662 128.662c7.81 7.81 7.81 20.474 0 28.284L34.142 398.804C21.543 411.404 0 402.48 0 384.662z\"><\/path><\/svg><\/span>\n\t\t\t\t\t\t\t\t<span class=\"elementor-accordion-icon-opened\"><svg class=\"e-font-icon-svg e-fas-caret-down\" viewBox=\"0 0 320 512\" xmlns=\"http:\/\/www.w3.org\/2000\/svg\"><path d=\"M31.3 192h257.3c17.8 0 26.7 21.5 14.1 34.1L174.1 354.8c-7.8 7.8-20.5 7.8-28.3 0L17.2 226.1C4.6 213.5 13.5 192 31.3 192z\"><\/path><\/svg><\/span>\n\t\t\t\t\t\t\t\t\t\t\t\t\t\t<\/span>\n\t\t\t\t\t\t\t\t\t\t\t\t<a class=\"elementor-accordion-title\" tabindex=\"0\">\u00bfCu\u00e1les ser\u00edan los riesgos de una sedaci\u00f3n consciente?<\/a>\n\t\t\t\t\t<\/div>\n\t\t\t\t\t<div id=\"elementor-tab-content-2623\" class=\"elementor-tab-content elementor-clearfix\" data-tab=\"3\" role=\"region\" aria-labelledby=\"elementor-tab-title-2623\"><p>Cualquier actividad humana tiene unos riesgos (desde entrar en la ducha o bajar escaleras, por ejemplo). En el caso de la sedaci\u00f3n consciente, el paciente est\u00e1 relajado, tranquilo, sin ansiedad. Est\u00e1 monitorizado y vigilado en todo momento por un m\u00e9dico anestesi\u00f3logo que no se aparta de su lado.<\/p>\n<p>Aunque no podamos decir que no exista ning\u00fan riesgo, s\u00ed podemos afirmar que el riesgo ser\u00eda menor que cuando tomamos algo tan habitual como una pastilla para dormir. Al tomar somn\u00edferos, estamos dormidos durante varias horas sin tener a un especialista a nuestro lado monitoriz\u00e1ndonos y cuidando de nosotros.<\/p><\/div>\n\t\t\t\t<\/div>\n\t\t\t\t\t\t\t<div class=\"elementor-accordion-item\">\n\t\t\t\t\t<div id=\"elementor-tab-title-2624\" class=\"elementor-tab-title\" data-tab=\"4\" role=\"button\" aria-controls=\"elementor-tab-content-2624\" aria-expanded=\"false\">\n\t\t\t\t\t\t\t\t\t\t\t\t\t<span class=\"elementor-accordion-icon elementor-accordion-icon-left\" aria-hidden=\"true\">\n\t\t\t\t\t\t\t\t\t\t\t\t\t\t\t<span class=\"elementor-accordion-icon-closed\"><svg class=\"e-font-icon-svg e-fas-caret-right\" viewBox=\"0 0 192 512\" xmlns=\"http:\/\/www.w3.org\/2000\/svg\"><path d=\"M0 384.662V127.338c0-17.818 21.543-26.741 34.142-14.142l128.662 128.662c7.81 7.81 7.81 20.474 0 28.284L34.142 398.804C21.543 411.404 0 402.48 0 384.662z\"><\/path><\/svg><\/span>\n\t\t\t\t\t\t\t\t<span class=\"elementor-accordion-icon-opened\"><svg class=\"e-font-icon-svg e-fas-caret-down\" viewBox=\"0 0 320 512\" xmlns=\"http:\/\/www.w3.org\/2000\/svg\"><path d=\"M31.3 192h257.3c17.8 0 26.7 21.5 14.1 34.1L174.1 354.8c-7.8 7.8-20.5 7.8-28.3 0L17.2 226.1C4.6 213.5 13.5 192 31.3 192z\"><\/path><\/svg><\/span>\n\t\t\t\t\t\t\t\t\t\t\t\t\t\t<\/span>\n\t\t\t\t\t\t\t\t\t\t\t\t<a class=\"elementor-accordion-title\" tabindex=\"0\">\u00bfQu\u00e9 precauciones he de tener antes y despu\u00e9s de una sedaci\u00f3n consciente?<\/a>\n\t\t\t\t\t<\/div>\n\t\t\t\t\t<div id=\"elementor-tab-content-2624\" class=\"elementor-tab-content elementor-clearfix\" data-tab=\"4\" role=\"region\" aria-labelledby=\"elementor-tab-title-2624\"><h6><strong>Las normas a seguir antes de una sedaci\u00f3n dental ser\u00edan las siguientes:<\/strong><\/h6>\n<ul>\n \t<li>No tomar alimentos 4 horas antes<\/li>\n \t<li>No ingerir l\u00edquidos 2 horas antes<\/li>\n \t<li>Poner en conocimiento del equipo m\u00e9dico todas aquellas circunstancias personales (f\u00e1rmacos que se est\u00e9n tomando, enfermedades, alergias, drogadicciones o h\u00e1bitos t\u00f3xicos, etc.) que puedan influir en el tratamiento m\u00e9dico<\/li>\n \t<li>En caso de estar tomando alguna medicaci\u00f3n, la norma ser\u00e1 seguir tom\u00e1ndolo, a no ser que se le indique lo contrario<\/li>\n \t<li>En el momento del ingreso en la cl\u00ednica, el paciente debe notificar cualquier anomal\u00eda o problema que haya podido aparecer desde la \u00faltima visita<\/li>\n<\/ul>\n<h6><strong>Las normas a seguir despu\u00e9s de una sedaci\u00f3n ser\u00e1n las siguientes:<\/strong><\/h6>\n<ul>\n \t<li>Abandonar el centro dental acompa\u00f1ado por un familiar o amigo<\/li>\n \t<li>No conducir veh\u00edculos de ning\u00fan tipo durante las doce (12) horas posteriores al tratamiento<\/li>\n \t<li>No realizar actividades potencialmente peligrosas ni manejar maquinaria pesada durante las doce (12) horas posteriores al tratamiento<\/li>\n \t<li>No ingerir alcohol ni ninguna sustancia t\u00f3xica durante las doce (12) horas posteriores al tratamiento<\/li>\n<\/ul><\/div>\n\t\t\t\t<\/div>\n\t\t\t\t\t\t\t\t<\/div>\n\t\t\t\t\t\t<\/div>\n\t\t\t\t<\/div>\n\t\t\t\t<div class=\"elementor-element elementor-element-38e4693 elementor-widget elementor-widget-text-editor\" data-id=\"38e4693\" data-element_type=\"widget\" data-widget_type=\"text-editor.default\">\n\t\t\t\t<div class=\"elementor-widget-container\">\n\t\t\t\t\t\t\t\t\t<p>En cl\u00ednica dental Padr\u00f3s tenemos amplia experiencia en pacientes que sufren de miedo al dentista o fobia. Nuestros pacientes con esta patolog\u00eda reciben un trato acorde a sus necesidades y quedan altamente satisfechos al comprobar que han sido capaces de superarlo sin ning\u00fan tipo de problema.<\/p>\n<p>Si este es tu caso, ponte en contacto con nosotros y programaremos una primera cita informativa totalmente gratuita donde te explicaremos detalladamente los procedimientos a realizar y resolveremos todas las dudas que te surjan.<\/p>\t\t\t\t\t\t\t\t<\/div>\n\t\t\t\t<\/div>\n\t\t\t\t\t<\/div>\n\t\t\t\t<\/div>\n\t\t<div class=\"elementor-element elementor-element-7997551 e-flex e-con-boxed e-con e-parent\" data-id=\"7997551\" data-element_type=\"container\">\n\t\t\t\t\t<div class=\"e-con-inner\">\n\t\t\t\t<div class=\"elementor-element elementor-element-46ff5f8 elementor-widget elementor-widget-image\" data-id=\"46ff5f8\" data-element_type=\"widget\" data-widget_type=\"image.default\">\n\t\t\t\t<div class=\"elementor-widget-container\">\n\t\t\t\t\t\t\t\t\t\t\t\t\t\t\t<img decoding=\"async\" width=\"900\" height=\"600\" src=\"https:\/\/clinicapadros.com\/wp-content\/uploads\/2020\/05\/tratamiento-bajo-sedacion-miedo-fobia-clinica-dental-padros-dentista-barcelona-1.jpg\" class=\"attachment-large size-large wp-image-7575\" alt=\"\" srcset=\"https:\/\/clinicapadros.com\/wp-content\/uploads\/2020\/05\/tratamiento-bajo-sedacion-miedo-fobia-clinica-dental-padros-dentista-barcelona-1.jpg 900w, https:\/\/clinicapadros.com\/wp-content\/uploads\/2020\/05\/tratamiento-bajo-sedacion-miedo-fobia-clinica-dental-padros-dentista-barcelona-1-300x200.jpg 300w, https:\/\/clinicapadros.com\/wp-content\/uploads\/2020\/05\/tratamiento-bajo-sedacion-miedo-fobia-clinica-dental-padros-dentista-barcelona-1-768x512.jpg 768w, https:\/\/clinicapadros.com\/wp-content\/uploads\/2020\/05\/tratamiento-bajo-sedacion-miedo-fobia-clinica-dental-padros-dentista-barcelona-1-125x83.jpg 125w, https:\/\/clinicapadros.com\/wp-content\/uploads\/2020\/05\/tratamiento-bajo-sedacion-miedo-fobia-clinica-dental-padros-dentista-barcelona-1-75x50.jpg 75w, https:\/\/clinicapadros.com\/wp-content\/uploads\/2020\/05\/tratamiento-bajo-sedacion-miedo-fobia-clinica-dental-padros-dentista-barcelona-1-272x182.jpg 272w\" sizes=\"(max-width: 900px) 100vw, 900px\" \/>\t\t\t\t\t\t\t\t\t\t\t\t\t\t\t<\/div>\n\t\t\t\t<\/div>\n\t\t\t\t\t<\/div>\n\t\t\t\t<\/div>\n\t\t<div class=\"elementor-element elementor-element-cad81ab e-flex e-con-boxed e-con e-parent\" data-id=\"cad81ab\" data-element_type=\"container\">\n\t\t\t\t\t<div class=\"e-con-inner\">\n\t\t\t\t<div class=\"elementor-element elementor-element-b58ebd7 elementor-widget__width-initial elementor-widget elementor-widget-image\" data-id=\"b58ebd7\" data-element_type=\"widget\" data-widget_type=\"image.default\">\n\t\t\t\t<div class=\"elementor-widget-container\">\n\t\t\t\t\t\t\t\t\t\t\t\t\t\t\t<img loading=\"lazy\" decoding=\"async\" width=\"250\" height=\"175\" src=\"https:\/\/clinicapadros.com\/wp-content\/uploads\/2018\/11\/facilidad-de-pago.png\" class=\"attachment-large size-large wp-image-6281\" alt=\"\" srcset=\"https:\/\/clinicapadros.com\/wp-content\/uploads\/2018\/11\/facilidad-de-pago.png 250w, https:\/\/clinicapadros.com\/wp-content\/uploads\/2018\/11\/facilidad-de-pago-125x88.png 125w, https:\/\/clinicapadros.com\/wp-content\/uploads\/2018\/11\/facilidad-de-pago-75x53.png 75w\" sizes=\"(max-width: 250px) 100vw, 250px\" \/>\t\t\t\t\t\t\t\t\t\t\t\t\t\t\t<\/div>\n\t\t\t\t<\/div>\n\t\t\t\t<div class=\"elementor-element elementor-element-dea243a elementor-widget elementor-widget-text-editor\" data-id=\"dea243a\" data-element_type=\"widget\" data-widget_type=\"text-editor.default\">\n\t\t\t\t<div class=\"elementor-widget-container\">\n\t\t\t\t\t\t\t\t\t<p>Facilidades de pago hasta en 5 a\u00f1os<\/p>\t\t\t\t\t\t\t\t<\/div>\n\t\t\t\t<\/div>\n\t\t\t\t\t<\/div>\n\t\t\t\t<\/div>\n\t\t<div class=\"elementor-element elementor-element-89bf6fb e-flex e-con-boxed e-con e-parent\" data-id=\"89bf6fb\" data-element_type=\"container\" data-settings=\"{&quot;background_background&quot;:&quot;classic&quot;}\">\n\t\t\t\t\t<div class=\"e-con-inner\">\n\t\t\t\t<div class=\"elementor-element elementor-element-d5634a4 elementor-widget elementor-widget-text-editor\" data-id=\"d5634a4\" data-element_type=\"widget\" data-widget_type=\"text-editor.default\">\n\t\t\t\t<div class=\"elementor-widget-container\">\n\t\t\t\t\t\t\t\t\t<p>\u00bfHas encontrado toda la informaci\u00f3n que estabas buscando? \u00bfTe ha parecido interesante? D\u00e9janos tu valoraci\u00f3n:<\/p>\t\t\t\t\t\t\t\t<\/div>\n\t\t\t\t<\/div>\n\t\t\t\t<div class=\"elementor-element elementor-element-f8a6c94 elementor-widget elementor-widget-shortcode\" data-id=\"f8a6c94\" data-element_type=\"widget\" data-widget_type=\"shortcode.default\">\n\t\t\t\t<div class=\"elementor-widget-container\">\n\t\t\t\t\t\t\t<div class=\"elementor-shortcode\">[ratings]<\/div>\n\t\t\t\t\t\t<\/div>\n\t\t\t\t<\/div>\n\t\t\t\t\t<\/div>\n\t\t\t\t<\/div>\n\t\t\t\t<\/div>\n\t\t","protected":false},"excerpt":{"rendered":"<p>Tratamientos bajo sedaci\u00f3n Se acab\u00f3 el miedo al dentista \u00bfQu\u00e9 es el miedo al dentista? El miedo es una sensaci\u00f3n de angustia provocada por la presencia de un peligro real o imaginario. Es un sentimiento de desconfianza que impulsa a creer que ocurrir\u00e1 un hecho contrario a lo que se desea. Cuando esta respuesta es &#8230; <a title=\"Tratamientos bajo sedaci\u00f3n\" class=\"read-more\" href=\"https:\/\/clinicapadros.com\/en\/tratamientos-bajo-sedacion\/\" aria-label=\"Read more about Tratamientos bajo sedaci\u00f3n\">Read more<\/a><\/p>\n","protected":false},"author":7,"featured_media":0,"parent":0,"menu_order":0,"comment_status":"closed","ping_status":"closed","template":"elementor_header_footer","meta":{"footnotes":""},"class_list":["post-16159","page","type-page","status-publish"],"yoast_head":"<!-- This site is optimized with the Yoast SEO Premium plugin v21.5 (Yoast SEO v27.3) - https:\/\/yoast.com\/product\/yoast-seo-premium-wordpress\/ -->\n<title>Tratamientos bajo sedaci\u00f3n - Cl\u00ednica Dental Padr\u00f3s<\/title>\n<meta name=\"robots\" content=\"index, follow, max-snippet:-1, max-image-preview:large, max-video-preview:-1\" \/>\n<link rel=\"canonical\" href=\"https:\/\/clinicapadros.com\/en\/tratamientos-bajo-sedacion\/\" \/>\n<meta property=\"og:locale\" content=\"en_US\" \/>\n<meta property=\"og:type\" content=\"article\" \/>\n<meta property=\"og:title\" content=\"Tratamientos bajo sedaci\u00f3n\" \/>\n<meta property=\"og:description\" content=\"Tratamientos bajo sedaci\u00f3n Se acab\u00f3 el miedo al dentista \u00bfQu\u00e9 es el miedo al dentista? El miedo es una sensaci\u00f3n de angustia provocada por la presencia de un peligro real o imaginario. Es un sentimiento de desconfianza que impulsa a creer que ocurrir\u00e1 un hecho contrario a lo que se desea. Cuando esta respuesta es ... Read more\" \/>\n<meta property=\"og:url\" content=\"https:\/\/clinicapadros.com\/en\/tratamientos-bajo-sedacion\/\" \/>\n<meta property=\"og:site_name\" content=\"Cl\u00ednica Dental Padr\u00f3s\" \/>\n<meta property=\"article:publisher\" content=\"http:\/\/www.facebook.com\/clinicapadros\" \/>\n<meta property=\"article:modified_time\" content=\"2024-05-16T16:10:05+00:00\" \/>\n<meta property=\"og:image\" content=\"https:\/\/clinicapadros.com\/wp-content\/uploads\/2021\/06\/tratamiento-bajo-sedacion-miedo-fobia-clinica-dental-padros-dentista-barcelona.jpg\" \/>\n<meta name=\"twitter:card\" content=\"summary_large_image\" \/>\n<meta name=\"twitter:site\" content=\"@clinicapadros\" \/>\n<meta name=\"twitter:label1\" content=\"Est. reading time\" \/>\n\t<meta name=\"twitter:data1\" content=\"7 minutes\" \/>\n<script type=\"application\/ld+json\" class=\"yoast-schema-graph\">{\"@context\":\"https:\\\/\\\/schema.org\",\"@graph\":[{\"@type\":\"WebPage\",\"@id\":\"https:\\\/\\\/clinicapadros.com\\\/en\\\/tratamientos-bajo-sedacion\\\/\",\"url\":\"https:\\\/\\\/clinicapadros.com\\\/en\\\/tratamientos-bajo-sedacion\\\/\",\"name\":\"Tratamientos bajo sedaci\u00f3n - Cl\u00ednica Dental Padr\u00f3s\",\"isPartOf\":{\"@id\":\"https:\\\/\\\/clinicapadros.com\\\/en\\\/#website\"},\"primaryImageOfPage\":{\"@id\":\"https:\\\/\\\/clinicapadros.com\\\/en\\\/tratamientos-bajo-sedacion\\\/#primaryimage\"},\"image\":{\"@id\":\"https:\\\/\\\/clinicapadros.com\\\/en\\\/tratamientos-bajo-sedacion\\\/#primaryimage\"},\"thumbnailUrl\":\"https:\\\/\\\/clinicapadros.com\\\/wp-content\\\/uploads\\\/2021\\\/06\\\/tratamiento-bajo-sedacion-miedo-fobia-clinica-dental-padros-dentista-barcelona.jpg\",\"datePublished\":\"2024-05-07T10:48:02+00:00\",\"dateModified\":\"2024-05-16T16:10:05+00:00\",\"breadcrumb\":{\"@id\":\"https:\\\/\\\/clinicapadros.com\\\/en\\\/tratamientos-bajo-sedacion\\\/#breadcrumb\"},\"inLanguage\":\"en-US\",\"potentialAction\":[{\"@type\":\"ReadAction\",\"target\":[\"https:\\\/\\\/clinicapadros.com\\\/en\\\/tratamientos-bajo-sedacion\\\/\"]}]},{\"@type\":\"ImageObject\",\"inLanguage\":\"en-US\",\"@id\":\"https:\\\/\\\/clinicapadros.com\\\/en\\\/tratamientos-bajo-sedacion\\\/#primaryimage\",\"url\":\"https:\\\/\\\/clinicapadros.com\\\/wp-content\\\/uploads\\\/2021\\\/06\\\/tratamiento-bajo-sedacion-miedo-fobia-clinica-dental-padros-dentista-barcelona.jpg\",\"contentUrl\":\"https:\\\/\\\/clinicapadros.com\\\/wp-content\\\/uploads\\\/2021\\\/06\\\/tratamiento-bajo-sedacion-miedo-fobia-clinica-dental-padros-dentista-barcelona.jpg\"},{\"@type\":\"BreadcrumbList\",\"@id\":\"https:\\\/\\\/clinicapadros.com\\\/en\\\/tratamientos-bajo-sedacion\\\/#breadcrumb\",\"itemListElement\":[{\"@type\":\"ListItem\",\"position\":1,\"name\":\"Home\",\"item\":\"https:\\\/\\\/clinicapadros.com\\\/en\\\/\"},{\"@type\":\"ListItem\",\"position\":2,\"name\":\"Tratamientos bajo sedaci\u00f3n\"}]},{\"@type\":\"WebSite\",\"@id\":\"https:\\\/\\\/clinicapadros.com\\\/en\\\/#website\",\"url\":\"https:\\\/\\\/clinicapadros.com\\\/en\\\/\",\"name\":\"Cl\u00ednica Dental Padr\u00f3s\",\"description\":\"Buen dentista en Barcelona\",\"publisher\":{\"@id\":\"https:\\\/\\\/clinicapadros.com\\\/en\\\/#organization\"},\"potentialAction\":[{\"@type\":\"SearchAction\",\"target\":{\"@type\":\"EntryPoint\",\"urlTemplate\":\"https:\\\/\\\/clinicapadros.com\\\/en\\\/?s={search_term_string}\"},\"query-input\":{\"@type\":\"PropertyValueSpecification\",\"valueRequired\":true,\"valueName\":\"search_term_string\"}}],\"inLanguage\":\"en-US\"},{\"@type\":\"Organization\",\"@id\":\"https:\\\/\\\/clinicapadros.com\\\/en\\\/#organization\",\"name\":\"Cl\u00ednica Dental Padr\u00f3s\",\"url\":\"https:\\\/\\\/clinicapadros.com\\\/en\\\/\",\"logo\":{\"@type\":\"ImageObject\",\"inLanguage\":\"en-US\",\"@id\":\"https:\\\/\\\/clinicapadros.com\\\/en\\\/#\\\/schema\\\/logo\\\/image\\\/\",\"url\":\"https:\\\/\\\/clinicapadros.com\\\/wp-content\\\/uploads\\\/2017\\\/04\\\/logo-clinica-dental-padros.jpg\",\"contentUrl\":\"https:\\\/\\\/clinicapadros.com\\\/wp-content\\\/uploads\\\/2017\\\/04\\\/logo-clinica-dental-padros.jpg\",\"width\":365,\"height\":80,\"caption\":\"Cl\u00ednica Dental Padr\u00f3s\"},\"image\":{\"@id\":\"https:\\\/\\\/clinicapadros.com\\\/en\\\/#\\\/schema\\\/logo\\\/image\\\/\"},\"sameAs\":[\"http:\\\/\\\/www.facebook.com\\\/clinicapadros\",\"https:\\\/\\\/x.com\\\/clinicapadros\",\"https:\\\/\\\/instagram.com\\\/clinicapadros\",\"https:\\\/\\\/es.pinterest.com\\\/clinicapadros\\\/\",\"https:\\\/\\\/www.youtube.com\\\/clinicapadros\"]}]}<\/script>\n<!-- \/ Yoast SEO Premium plugin. -->","yoast_head_json":{"title":"Tratamientos bajo sedaci\u00f3n - Cl\u00ednica Dental Padr\u00f3s","robots":{"index":"index","follow":"follow","max-snippet":"max-snippet:-1","max-image-preview":"max-image-preview:large","max-video-preview":"max-video-preview:-1"},"canonical":"https:\/\/clinicapadros.com\/en\/tratamientos-bajo-sedacion\/","og_locale":"en_US","og_type":"article","og_title":"Tratamientos bajo sedaci\u00f3n","og_description":"Tratamientos bajo sedaci\u00f3n Se acab\u00f3 el miedo al dentista \u00bfQu\u00e9 es el miedo al dentista? El miedo es una sensaci\u00f3n de angustia provocada por la presencia de un peligro real o imaginario. Es un sentimiento de desconfianza que impulsa a creer que ocurrir\u00e1 un hecho contrario a lo que se desea. Cuando esta respuesta es ... Read more","og_url":"https:\/\/clinicapadros.com\/en\/tratamientos-bajo-sedacion\/","og_site_name":"Cl\u00ednica Dental Padr\u00f3s","article_publisher":"http:\/\/www.facebook.com\/clinicapadros","article_modified_time":"2024-05-16T16:10:05+00:00","og_image":[{"url":"https:\/\/clinicapadros.com\/wp-content\/uploads\/2021\/06\/tratamiento-bajo-sedacion-miedo-fobia-clinica-dental-padros-dentista-barcelona.jpg","type":"","width":"","height":""}],"twitter_card":"summary_large_image","twitter_site":"@clinicapadros","twitter_misc":{"Est. reading time":"7 minutes"},"schema":{"@context":"https:\/\/schema.org","@graph":[{"@type":"WebPage","@id":"https:\/\/clinicapadros.com\/en\/tratamientos-bajo-sedacion\/","url":"https:\/\/clinicapadros.com\/en\/tratamientos-bajo-sedacion\/","name":"Tratamientos bajo sedaci\u00f3n - Cl\u00ednica Dental Padr\u00f3s","isPartOf":{"@id":"https:\/\/clinicapadros.com\/en\/#website"},"primaryImageOfPage":{"@id":"https:\/\/clinicapadros.com\/en\/tratamientos-bajo-sedacion\/#primaryimage"},"image":{"@id":"https:\/\/clinicapadros.com\/en\/tratamientos-bajo-sedacion\/#primaryimage"},"thumbnailUrl":"https:\/\/clinicapadros.com\/wp-content\/uploads\/2021\/06\/tratamiento-bajo-sedacion-miedo-fobia-clinica-dental-padros-dentista-barcelona.jpg","datePublished":"2024-05-07T10:48:02+00:00","dateModified":"2024-05-16T16:10:05+00:00","breadcrumb":{"@id":"https:\/\/clinicapadros.com\/en\/tratamientos-bajo-sedacion\/#breadcrumb"},"inLanguage":"en-US","potentialAction":[{"@type":"ReadAction","target":["https:\/\/clinicapadros.com\/en\/tratamientos-bajo-sedacion\/"]}]},{"@type":"ImageObject","inLanguage":"en-US","@id":"https:\/\/clinicapadros.com\/en\/tratamientos-bajo-sedacion\/#primaryimage","url":"https:\/\/clinicapadros.com\/wp-content\/uploads\/2021\/06\/tratamiento-bajo-sedacion-miedo-fobia-clinica-dental-padros-dentista-barcelona.jpg","contentUrl":"https:\/\/clinicapadros.com\/wp-content\/uploads\/2021\/06\/tratamiento-bajo-sedacion-miedo-fobia-clinica-dental-padros-dentista-barcelona.jpg"},{"@type":"BreadcrumbList","@id":"https:\/\/clinicapadros.com\/en\/tratamientos-bajo-sedacion\/#breadcrumb","itemListElement":[{"@type":"ListItem","position":1,"name":"Home","item":"https:\/\/clinicapadros.com\/en\/"},{"@type":"ListItem","position":2,"name":"Tratamientos bajo sedaci\u00f3n"}]},{"@type":"WebSite","@id":"https:\/\/clinicapadros.com\/en\/#website","url":"https:\/\/clinicapadros.com\/en\/","name":"Cl\u00ednica Dental Padr\u00f3s","description":"Buen dentista en Barcelona","publisher":{"@id":"https:\/\/clinicapadros.com\/en\/#organization"},"potentialAction":[{"@type":"SearchAction","target":{"@type":"EntryPoint","urlTemplate":"https:\/\/clinicapadros.com\/en\/?s={search_term_string}"},"query-input":{"@type":"PropertyValueSpecification","valueRequired":true,"valueName":"search_term_string"}}],"inLanguage":"en-US"},{"@type":"Organization","@id":"https:\/\/clinicapadros.com\/en\/#organization","name":"Cl\u00ednica Dental Padr\u00f3s","url":"https:\/\/clinicapadros.com\/en\/","logo":{"@type":"ImageObject","inLanguage":"en-US","@id":"https:\/\/clinicapadros.com\/en\/#\/schema\/logo\/image\/","url":"https:\/\/clinicapadros.com\/wp-content\/uploads\/2017\/04\/logo-clinica-dental-padros.jpg","contentUrl":"https:\/\/clinicapadros.com\/wp-content\/uploads\/2017\/04\/logo-clinica-dental-padros.jpg","width":365,"height":80,"caption":"Cl\u00ednica Dental Padr\u00f3s"},"image":{"@id":"https:\/\/clinicapadros.com\/en\/#\/schema\/logo\/image\/"},"sameAs":["http:\/\/www.facebook.com\/clinicapadros","https:\/\/x.com\/clinicapadros","https:\/\/instagram.com\/clinicapadros","https:\/\/es.pinterest.com\/clinicapadros\/","https:\/\/www.youtube.com\/clinicapadros"]}]}},"_links":{"self":[{"href":"https:\/\/clinicapadros.com\/en\/wp-json\/wp\/v2\/pages\/16159","targetHints":{"allow":["GET"]}}],"collection":[{"href":"https:\/\/clinicapadros.com\/en\/wp-json\/wp\/v2\/pages"}],"about":[{"href":"https:\/\/clinicapadros.com\/en\/wp-json\/wp\/v2\/types\/page"}],"author":[{"embeddable":true,"href":"https:\/\/clinicapadros.com\/en\/wp-json\/wp\/v2\/users\/7"}],"replies":[{"embeddable":true,"href":"https:\/\/clinicapadros.com\/en\/wp-json\/wp\/v2\/comments?post=16159"}],"version-history":[{"count":1,"href":"https:\/\/clinicapadros.com\/en\/wp-json\/wp\/v2\/pages\/16159\/revisions"}],"predecessor-version":[{"id":16240,"href":"https:\/\/clinicapadros.com\/en\/wp-json\/wp\/v2\/pages\/16159\/revisions\/16240"}],"wp:attachment":[{"href":"https:\/\/clinicapadros.com\/en\/wp-json\/wp\/v2\/media?parent=16159"}],"curies":[{"name":"wp","href":"https:\/\/api.w.org\/{rel}","templated":true}]}}